{"id":10726,"date":"2022-06-01T09:10:32","date_gmt":"2022-06-01T07:10:32","guid":{"rendered":"https:\/\/www.camping-chaille-les-marais.com\/stranden-en-wateractiviteiten\/"},"modified":"2022-06-01T09:10:32","modified_gmt":"2022-06-01T07:10:32","slug":"stranden-en-wateractiviteiten","status":"publish","type":"page","link":"https:\/\/www.camping-chaille-les-marais.com\/nl\/stranden-en-wateractiviteiten\/","title":{"rendered":"Stranden en wateractiviteiten"},"content":{"rendered":"\n<div class=\"wp-block-columns is-layout-flex wp-container-core-columns-is-layout-28f84493 wp-block-columns-is-layout-flex\">\n<div class=\"wp-block-column is-layout-flow wp-block-column-is-layout-flow\">\n<h2 class=\"wp-block-heading\">La Tranche sur Mer<\/h2>\n\n\n\n<p><strong>De perfecte plek om te surfen, windsurfen, strandzeilen en kitesurfen in de zuidelijke Vend\u00e9e<\/strong><\/p>\n\n\n\n<p>La Tranche sur Mer staat bekend als &#8220;Klein Californi\u00eb&#8221;. Met 9 km op het zuiden gelegen fijne zandstranden, tegenover het eiland R\u00e9, zal La Tranche sur Mer zowel sportievelingen als gezinnen bekoren met zwemmen, zandkastelen en andere strandactiviteiten.<\/p>\n\n\n\n<h2 class=\"wp-block-heading\">La Faute sur Mer<\/h2>\n\n\n\n<p><strong>Kilometers zandstrand<\/strong><\/p>\n\n\n\n<p>La Faute sur Mer staat bekend om zijn fijne zandstranden. De stranden Thistle en Beluga zijn toegankelijk voor personen met beperkte mobiliteit. En voor de dierenliefhebbers: u kunt uw hond uitlaten op het strand van Grande Casse, maar wel aan de lijn.<\/p>\n<\/div>\n\n\n\n<div class=\"wp-block-column is-layout-flow wp-block-column-is-layout-flow\">\n<h2 class=\"wp-block-heading\">L&#8217;Aiguillon sur Mer<\/h2>\n\n\n\n<p><strong>Activiteiten voor iedereen<\/strong><\/p>\n\n\n\n<p>In L&#8217;Aiguillon sur Mer is er voor elk wat wils. Vogels kijken in het natuurreservaat van de Baai van Aiguillon, wandelen bij de Pointe de l&#8217;Aiguillon, of wateractiviteiten bij het meer. Kom en probeer het Warrior spel of de waterskilift in het Atlantic Wake Park.<\/p>\n\n\n\n<h2 class=\"wp-block-heading\">Les Sables d&#8217;Olonne<\/h2>\n\n\n\n<p><strong>Een must-see badplaats in de Vend\u00e9e<\/strong><\/p>\n\n\n\n<p>Wandelingen op de Remblai, surfen, luieren, beachvolleybal&#8230; dicht bij restaurants of meer afgelegen en wild, zeer levendig of rustiger, u zult verwend worden met de keuze aangezien de stranden zo gevarieerd zijn. Als u tot het laatste strand naar het noorden gaat, zult u gecharmeerd zijn van de duinen van Aubraie.<\/p>\n<\/div>\n<\/div>\n\t\t\t<div id=\"sevgallery-792181837\" class=\"sev-diaporama sev-diaporama-portfolio\">\n\t\t\t<div class=\"row\">\n\n\t\t\t\n\t\t\t\t\n\t\t\t\t<div class=\"sev-diaporama-portfolio-item col-12 col-sm \">\n\t\t\t\t\t<a href=\"https:\/\/www.camping-chaille-les-marais.com\/wp-content\/uploads\/2022\/04\/ocean_matelas.jpg\" data-lightbox=\"sevgallery-792181837\" style=\"background-image: url(https:\/\/www.camping-chaille-les-marais.com\/wp-content\/uploads\/2022\/04\/ocean_matelas.jpg)\">\n\t\t\t\t\t\t<img decoding=\"async\" src=\"https:\/\/www.camping-chaille-les-marais.com\/wp-content\/uploads\/2022\/04\/ocean_matelas.jpg\" alt=\"les plages de Vend\u00e9e\" loading=\"lazy\">\n\t\t\t\t\t<\/a>\n\t\t\t\t<\/div>\n\n\t\t\t\t\n\t\t\t\t\n\t\t\t\t\t\t\t\t\t\t\t\t\t\t\t\n\t\t\t\t\n\t\t\t\t<div class=\"sev-diaporama-portfolio-item col-12 col-sm  col-grow\">\n\t\t\t\t\t<a href=\"https:\/\/www.camping-chaille-les-marais.com\/wp-content\/uploads\/2022\/04\/plage_chateau_sable.jpg\" data-lightbox=\"sevgallery-792181837\" style=\"background-image: url(https:\/\/www.camping-chaille-les-marais.com\/wp-content\/uploads\/2022\/04\/plage_chateau_sable.jpg)\">\n\t\t\t\t\t\t<img decoding=\"async\" src=\"https:\/\/www.camping-chaille-les-marais.com\/wp-content\/uploads\/2022\/04\/plage_chateau_sable.jpg\" alt=\"les plages de Vend\u00e9e \" loading=\"lazy\">\n\t\t\t\t\t<\/a>\n\t\t\t\t<\/div>\n\n\t\t\t\t\t\t\t\t\t<div class=\"w-100 d-lg-none\"><\/div>\n\t\t\t\t\t\t\t\t\t\n\t\t\t\t\n\t\t\t\t\t\t\t\t\t\t\t\t\t\t\t\n\t\t\t\t\n\t\t\t\t<div class=\"sev-diaporama-portfolio-item col-12 col-sm  col-shrink\">\n\t\t\t\t\t<a href=\"https:\/\/www.camping-chaille-les-marais.com\/wp-content\/uploads\/2022\/04\/plage_conches.jpg\" data-lightbox=\"sevgallery-792181837\" style=\"background-image: url(https:\/\/www.camping-chaille-les-marais.com\/wp-content\/uploads\/2022\/04\/plage_conches.jpg)\">\n\t\t\t\t\t\t<img decoding=\"async\" src=\"https:\/\/www.camping-chaille-les-marais.com\/wp-content\/uploads\/2022\/04\/plage_conches.jpg\" alt=\"les plages de Vend\u00e9e\" loading=\"lazy\">\n\t\t\t\t\t<\/a>\n\t\t\t\t<\/div>\n\n\t\t\t\t\n\t\t\t\t\n\t\t\t\t\t\t\t\t\t\t\t\t\t\t\t\n\t\t\t\t\n\t\t\t\t<div class=\"sev-diaporama-portfolio-item col-12 col-sm  col-shrink\">\n\t\t\t\t\t<a href=\"https:\/\/www.camping-chaille-les-marais.com\/wp-content\/uploads\/2022\/04\/plage_vague.jpg\" data-lightbox=\"sevgallery-792181837\" style=\"background-image: url(https:\/\/www.camping-chaille-les-marais.com\/wp-content\/uploads\/2022\/04\/plage_vague.jpg)\">\n\t\t\t\t\t\t<img decoding=\"async\" src=\"https:\/\/www.camping-chaille-les-marais.com\/wp-content\/uploads\/2022\/04\/plage_vague.jpg\" alt=\"les plages de Vend\u00e9e\" loading=\"lazy\">\n\t\t\t\t\t<\/a>\n\t\t\t\t<\/div>\n\n\t\t\t\t\t\t\t\t\t<div class=\"w-100 d-lg-none\"><\/div>\n\t\t\t\t\t\t\t\t\t\n\t\t\t\t\t\t\t\t\t<div class=\"w-100 d-none d-lg-block\"><\/div>\n\t\t\t\t\t\t\t\t\t\n\t\t\t\t\t\t\t\t\t\t\t\t\t\t\t\n\t\t\t\t\n\t\t\t\t<div class=\"sev-diaporama-portfolio-item col-12 col-sm  col-grow\">\n\t\t\t\t\t<a href=\"https:\/\/www.camping-chaille-les-marais.com\/wp-content\/uploads\/2022\/04\/plage_horizon.jpg\" data-lightbox=\"sevgallery-792181837\" style=\"background-image: url(https:\/\/www.camping-chaille-les-marais.com\/wp-content\/uploads\/2022\/04\/plage_horizon.jpg)\">\n\t\t\t\t\t\t<img decoding=\"async\" src=\"https:\/\/www.camping-chaille-les-marais.com\/wp-content\/uploads\/2022\/04\/plage_horizon.jpg\" alt=\"les plages de Vend\u00e9e\" loading=\"lazy\">\n\t\t\t\t\t<\/a>\n\t\t\t\t<\/div>\n\n\t\t\t\t\n\t\t\t\t\n\t\t\t\t\t\t\t\t\t\t\t\t\t\t\t\n\t\t\t\t\n\t\t\t\t<div class=\"sev-diaporama-portfolio-item col-12 col-sm \">\n\t\t\t\t\t<a href=\"https:\/\/www.camping-chaille-les-marais.com\/wp-content\/uploads\/2022\/04\/plage_pelle_rateau.jpg\" data-lightbox=\"sevgallery-792181837\" style=\"background-image: url(https:\/\/www.camping-chaille-les-marais.com\/wp-content\/uploads\/2022\/04\/plage_pelle_rateau.jpg)\">\n\t\t\t\t\t\t<img decoding=\"async\" src=\"https:\/\/www.camping-chaille-les-marais.com\/wp-content\/uploads\/2022\/04\/plage_pelle_rateau.jpg\" alt=\"les plages de Vend\u00e9e\" loading=\"lazy\">\n\t\t\t\t\t<\/a>\n\t\t\t\t<\/div>\n\n\t\t\t\t\t\t\t\t\t<div class=\"w-100 d-lg-none\"><\/div>\n\t\t\t\t\t\t\t\t\t\n\t\t\t\t\n\t\t\t\t\t\t\t\t\t\t\t\t\t\t\t\n\t\t\t\t\n\t\t\t\t<div class=\"sev-diaporama-portfolio-item col-12 col-sm  col-shrink\">\n\t\t\t\t\t<a href=\"https:\/\/www.camping-chaille-les-marais.com\/wp-content\/uploads\/2022\/04\/plage_sable_enfant.jpg\" data-lightbox=\"sevgallery-792181837\" style=\"background-image: url(https:\/\/www.camping-chaille-les-marais.com\/wp-content\/uploads\/2022\/04\/plage_sable_enfant.jpg)\">\n\t\t\t\t\t\t<img decoding=\"async\" src=\"https:\/\/www.camping-chaille-les-marais.com\/wp-content\/uploads\/2022\/04\/plage_sable_enfant.jpg\" alt=\"les plages de Vend\u00e9e\" loading=\"lazy\">\n\t\t\t\t\t<\/a>\n\t\t\t\t<\/div>\n\n\t\t\t\t\n\t\t\t\t\n\t\t\t\t\t\t\t\t\t\t\t\t\t\t\t\n\t\t\t\t\n\t\t\t\t<div class=\"sev-diaporama-portfolio-item col-12 col-sm \">\n\t\t\t\t\t<a href=\"https:\/\/www.camping-chaille-les-marais.com\/wp-content\/uploads\/2016\/05\/plage_ados-2.jpg\" data-lightbox=\"sevgallery-792181837\" style=\"background-image: url(https:\/\/www.camping-chaille-les-marais.com\/wp-content\/uploads\/2016\/05\/plage_ados-2.jpg)\">\n\t\t\t\t\t\t<img decoding=\"async\" src=\"https:\/\/www.camping-chaille-les-marais.com\/wp-content\/uploads\/2016\/05\/plage_ados-2.jpg\" alt=\"\" loading=\"lazy\">\n\t\t\t\t\t<\/a>\n\t\t\t\t<\/div>\n\n\t\t\t\t\t\t\t\t\t<div class=\"w-100 d-lg-none\"><\/div>\n\t\t\t\t\t\t\t\t\t\n\t\t\t\t\t\t\t\t\t<div class=\"w-100 d-none d-lg-block\"><\/div>\n\t\t\t\t\t\t\t\t\t\n\t\t\t\t\t\t\t\t\t\t\t\t\t\t\t\n\t\t\t\t\n\t\t\t\t<div class=\"sev-diaporama-portfolio-item col-12 col-sm \">\n\t\t\t\t\t<a href=\"https:\/\/www.camping-chaille-les-marais.com\/wp-content\/uploads\/2022\/04\/plage_sable_jeu.jpg\" data-lightbox=\"sevgallery-792181837\" style=\"background-image: url(https:\/\/www.camping-chaille-les-marais.com\/wp-content\/uploads\/2022\/04\/plage_sable_jeu.jpg)\">\n\t\t\t\t\t\t<img decoding=\"async\" src=\"https:\/\/www.camping-chaille-les-marais.com\/wp-content\/uploads\/2022\/04\/plage_sable_jeu.jpg\" alt=\"les plages de Vend\u00e9e\" loading=\"lazy\">\n\t\t\t\t\t<\/a>\n\t\t\t\t<\/div>\n\n\t\t\t\t\n\t\t\t\t\n\t\t\t\t\t\t\t\t\t\t\t\t\t\t\t\n\t\t\t\t\n\t\t\t\t<div class=\"sev-diaporama-portfolio-item col-12 col-sm  col-shrink\">\n\t\t\t\t\t<a href=\"https:\/\/www.camping-chaille-les-marais.com\/wp-content\/uploads\/2022\/04\/jard_sur_mer_moulin.jpg\" data-lightbox=\"sevgallery-792181837\" style=\"background-image: url(https:\/\/www.camping-chaille-les-marais.com\/wp-content\/uploads\/2022\/04\/jard_sur_mer_moulin.jpg)\">\n\t\t\t\t\t\t<img decoding=\"async\" src=\"https:\/\/www.camping-chaille-les-marais.com\/wp-content\/uploads\/2022\/04\/jard_sur_mer_moulin.jpg\" alt=\"jard moulin de conchettes\" loading=\"lazy\">\n\t\t\t\t\t<\/a>\n\t\t\t\t<\/div>\n\n\t\t\t\t\t\t\t\t\t<div class=\"w-100 d-lg-none\"><\/div>\n\t\t\t\t\t\t\t\t\t\n\t\t\t\t\n\t\t\t\t\t\t\t\t\t\t\t\t\t\t\t\n\t\t\t\t\n\t\t\t\t<div class=\"sev-diaporama-portfolio-item col-12 col-sm  col-shrink\">\n\t\t\t\t\t<a href=\"https:\/\/www.camping-chaille-les-marais.com\/wp-content\/uploads\/2022\/04\/jard_sur_mer_port.jpg\" data-lightbox=\"sevgallery-792181837\" style=\"background-image: url(https:\/\/www.camping-chaille-les-marais.com\/wp-content\/uploads\/2022\/04\/jard_sur_mer_port.jpg)\">\n\t\t\t\t\t\t<img decoding=\"async\" src=\"https:\/\/www.camping-chaille-les-marais.com\/wp-content\/uploads\/2022\/04\/jard_sur_mer_port.jpg\" alt=\"port jard sur mer\" loading=\"lazy\">\n\t\t\t\t\t<\/a>\n\t\t\t\t<\/div>\n\n\t\t\t\t\n\t\t\t\t\n\t\t\t\t\t\t\t\t\t\t\t\t\t\t\t\n\t\t\t\t\n\t\t\t\t<div class=\"sev-diaporama-portfolio-item col-12 col-sm  col-grow\">\n\t\t\t\t\t<a href=\"https:\/\/www.camping-chaille-les-marais.com\/wp-content\/uploads\/2022\/04\/atlantic_wakepark_warrior.jpg\" data-lightbox=\"sevgallery-792181837\" style=\"background-image: url(https:\/\/www.camping-chaille-les-marais.com\/wp-content\/uploads\/2022\/04\/atlantic_wakepark_warrior.jpg)\">\n\t\t\t\t\t\t<img decoding=\"async\" src=\"https:\/\/www.camping-chaille-les-marais.com\/wp-content\/uploads\/2022\/04\/atlantic_wakepark_warrior.jpg\" alt=\"atlantic wakepark\" loading=\"lazy\">\n\t\t\t\t\t<\/a>\n\t\t\t\t<\/div>\n\n\t\t\t\t\t\t\t\t\t<div class=\"w-100 d-lg-none\"><\/div>\n\t\t\t\t\t\t\t\t\t\n\t\t\t\t\t\t\t\t\t<div class=\"w-100 d-none d-lg-block\"><\/div>\n\t\t\t\t\t\t\t\t\t\n\t\t\t\t\t\t\t\t\t\t\t\t\t\t\t\t\t\t<\/div>\n\t\t\t<\/div>\n\n\t\t\t<script>\n\t\t\tjQuery(function($) {\n\n\t\t\t\tvar marginPortfolio = function() {\n\n\t\t\t\t\tvar $diapo          = $('#sevgallery-792181837');\n\t\t\t\t\tvar container_width = $diapo.parent().outerWidth();\n\t\t\t\t\tvar side            = ( $(window).innerWidth() - container_width ) \/ 2;\n\n\t\t\t\t\t$diapo.css( {\n\t\t\t\t\t\t'margin-left': '-' + side + 'px',\n\t\t\t\t\t\t'margin-right': '-' + side + 'px',\n\t\t\t\t\t} );\n\t\t\t\t};\n\n\t\t\t\t$( window ).resize( function() {\n\t\t\t\t\tmarginPortfolio();\n\t\t\t\t} );\n\t\t\t\tmarginPortfolio();\n\t\t\t});\n\t\t\t<\/script>\n\t\t\t\n","protected":false},"excerpt":{"rendered":"<p>La Tranche sur Mer De perfecte plek om te surfen, windsurfen, strandzeilen en kitesurfen in de zuidelijke Vend\u00e9e La Tranche sur Mer staat bekend als &#8220;Klein Californi\u00eb&#8221;. Met 9 km op het zuiden gelegen fijne zandstranden, tegenover het eiland R\u00e9, zal La Tranche sur Mer zowel sportievelingen als gezinnen bekoren met zwemmen, zandkastelen en andere [&hellip;]<\/p>\n","protected":false},"author":1,"featured_media":0,"parent":0,"menu_order":0,"comment_status":"closed","ping_status":"closed","template":"","meta":{"_seopress_robots_primary_cat":"","_seopress_titles_title":"Camping aan strand en zee in de Vend\u00e9e","_seopress_titles_desc":"De camping is ideaal gelegen bij de stranden van La Tranche en L'Aiguillon sur mer en het bos van Mervent-Vouvant voor een natuurvakantie!","_seopress_robots_index":"","footnotes":""},"class_list":["post-10726","page","type-page","status-publish","hentry"],"_links":{"self":[{"href":"https:\/\/www.camping-chaille-les-marais.com\/nl\/wp-json\/wp\/v2\/pages\/10726","targetHints":{"allow":["GET"]}}],"collection":[{"href":"https:\/\/www.camping-chaille-les-marais.com\/nl\/wp-json\/wp\/v2\/pages"}],"about":[{"href":"https:\/\/www.camping-chaille-les-marais.com\/nl\/wp-json\/wp\/v2\/types\/page"}],"author":[{"embeddable":true,"href":"https:\/\/www.camping-chaille-les-marais.com\/nl\/wp-json\/wp\/v2\/users\/1"}],"replies":[{"embeddable":true,"href":"https:\/\/www.camping-chaille-les-marais.com\/nl\/wp-json\/wp\/v2\/comments?post=10726"}],"version-history":[{"count":1,"href":"https:\/\/www.camping-chaille-les-marais.com\/nl\/wp-json\/wp\/v2\/pages\/10726\/revisions"}],"predecessor-version":[{"id":10728,"href":"https:\/\/www.camping-chaille-les-marais.com\/nl\/wp-json\/wp\/v2\/pages\/10726\/revisions\/10728"}],"wp:attachment":[{"href":"https:\/\/www.camping-chaille-les-marais.com\/nl\/wp-json\/wp\/v2\/media?parent=10726"}],"curies":[{"name":"wp","href":"https:\/\/api.w.org\/{rel}","templated":true}]}}